{"id":41034,"date":"2025-11-06T00:58:26","date_gmt":"2025-11-06T00:58:26","guid":{"rendered":"https:\/\/iglesiadelourdes.com\/?page_id=41034"},"modified":"2025-12-10T19:09:31","modified_gmt":"2025-12-10T19:09:31","slug":"catequesis","status":"publish","type":"page","link":"https:\/\/iglesiadelourdes.com\/index.php\/catequesis\/","title":{"rendered":"Catequesis"},"content":{"rendered":"\t\t<div data-elementor-type=\"wp-page\" data-elementor-id=\"41034\" class=\"elementor elementor-41034\" data-elementor-post-type=\"page\">\n\t\t\t\t<div class=\"elementor-element elementor-element-4b3d3bc e-flex e-con-boxed cmsmasters-bg-hide-none cmsmasters-bg-hide-none cmsmasters-block-default e-con e-parent\" data-id=\"4b3d3bc\" data-element_type=\"container\" data-e-type=\"container\" data-settings=\"{&quot;background_background&quot;:&quot;classic&quot;}\">\n\t\t\t\t\t<div class=\"e-con-inner\">\n\t\t\t\t<div class=\"elementor-element elementor-element-234990d cmsmasters-block-default cmsmasters-sticky-default elementor-widget elementor-widget-heading\" data-id=\"234990d\" data-element_type=\"widget\" data-e-type=\"widget\" data-widget_type=\"heading.default\">\n\t\t\t\t<div class=\"elementor-widget-container\">\n\t\t\t\t\t<h2 class=\"elementor-heading-title elementor-size-default\">CATEQUESIS<\/h2>\t\t\t\t<\/div>\n\t\t\t\t<\/div>\n\t\t\t\t\t<\/div>\n\t\t\t\t<\/div>\n\t\t<div class=\"elementor-element elementor-element-11fdd489 e-con-full e-flex cmsmasters-block-default e-con e-parent\" data-id=\"11fdd489\" data-element_type=\"container\" data-e-type=\"container\" data-settings=\"{&quot;background_background&quot;:&quot;classic&quot;}\">\n\t\t<div class=\"elementor-element elementor-element-2b315920 e-flex e-con-boxed cmsmasters-block-default e-con e-child\" data-id=\"2b315920\" data-element_type=\"container\" data-e-type=\"container\">\n\t\t\t\t\t<div class=\"e-con-inner\">\n\t\t\t\t<div class=\"elementor-element elementor-element-58ca9e62 cmsmasters-block-default cmsmasters-sticky-default elementor-widget elementor-widget-heading\" data-id=\"58ca9e62\" data-element_type=\"widget\" data-e-type=\"widget\" data-widget_type=\"heading.default\">\n\t\t\t\t<div class=\"elementor-widget-container\">\n\t\t\t\t\t<h2 class=\"elementor-heading-title elementor-size-default\">tipos de catequesis<\/h2>\t\t\t\t<\/div>\n\t\t\t\t<\/div>\n\t\t\t\t<div class=\"elementor-element elementor-element-648c19f6 elementor-widget__width-initial elementor-widget-mobile__width-inherit cmsmasters-block-default cmsmasters-sticky-default elementor-widget elementor-widget-text-editor\" data-id=\"648c19f6\" data-element_type=\"widget\" data-e-type=\"widget\" data-widget_type=\"text-editor.default\">\n\t\t\t\t<div class=\"elementor-widget-container\">\n\t\t\t\t\t\t\t\t\t<p style=\"margin: 0in; font-family: Calibri; font-size: 20.0pt;\"><em>La catequesis hoy en d\u00eda no puede limitarse a ense\u00f1ar los contenidos de la fe de manera te\u00f3rica.<\/em><\/p><p><i><span style=\"font-weight: 400;\">\u00abPero la semilla sembrada en buena tierra representa a los que oyen el mensaje y lo entienden y dan una buena cosecha&#8230;\u00bb<\/span><\/i><span style=\"font-weight: 400;\"> (Mt 13,23).\u00a0 \u00a0 \u00a0 \u00a0 \u00a0 \u00a0&#8211;<\/span><span style=\"font-weight: 400;\">El desaf\u00edo est\u00e1 en preparar ese terreno f\u00e9rtil.<\/span><\/p>\t\t\t\t\t\t\t\t<\/div>\n\t\t\t\t<\/div>\n\t\t\t\t<div class=\"elementor-element elementor-element-21e4657 elementor-align-center cmsmasters-block-default cmsmasters-sticky-default elementor-widget elementor-widget-button\" data-id=\"21e4657\" data-element_type=\"widget\" data-e-type=\"widget\" data-widget_type=\"button.default\">\n\t\t\t\t<div class=\"elementor-widget-container\">\n\t\t\t\t\t\t\t\t\t<div class=\"elementor-button-wrapper\">\n\t\t\t\t\t<a class=\"elementor-button elementor-button-link elementor-size-sm elementor-animation-grow\" href=\"#\">\n\t\t\t\t\t\t<span class=\"elementor-button-content-wrapper\">\n\t\t\t\t\t\t\t\t\t<span class=\"elementor-button-text\">\u00bfEstas interesado en  servir?  Dale click !<\/span>\n\t\t\t\t\t<\/span>\n\t\t\t\t\t<\/a>\n\t\t\t\t<\/div>\n\t\t\t\t\t\t\t\t<\/div>\n\t\t\t\t<\/div>\n\t\t\t\t\t<\/div>\n\t\t\t\t<\/div>\n\t\t<div class=\"elementor-element elementor-element-59478af8 e-con-full e-flex cmsmasters-block-default e-con e-child\" data-id=\"59478af8\" data-element_type=\"container\" data-e-type=\"container\">\n\t\t<div class=\"elementor-element elementor-element-20ced9fc e-con-full e-flex cmsmasters-block-default e-con e-child\" data-id=\"20ced9fc\" data-element_type=\"container\" data-e-type=\"container\">\n\t\t\t\t<div class=\"elementor-element elementor-element-2eceee70 elementor-cta--layout-image-above elementor-widget__width-inherit elementor-widget-tablet__width-inherit elementor-cta--skin-classic elementor-animated-content elementor-bg-transform elementor-bg-transform-zoom-in cmsmasters-block-default cmsmasters-sticky-default elementor-widget elementor-widget-call-to-action\" data-id=\"2eceee70\" data-element_type=\"widget\" data-e-type=\"widget\" data-widget_type=\"call-to-action.default\">\n\t\t\t\t<div class=\"elementor-widget-container\">\n\t\t\t\t\t\t\t<div class=\"elementor-cta\">\n\t\t\t\t\t<div class=\"elementor-cta__bg-wrapper\">\n\t\t\t\t<div class=\"elementor-cta__bg elementor-bg\" style=\"background-image: url(https:\/\/iglesiadelourdes.com\/wp-content\/uploads\/2025\/04\/cate-grana2.png);\" role=\"img\" aria-label=\"cate grana2\"><\/div>\n\t\t\t\t<div class=\"elementor-cta__bg-overlay\"><\/div>\n\t\t\t<\/div>\n\t\t\t\t\t\t\t<div class=\"elementor-cta__content\">\n\t\t\t\t\n\t\t\t\t\t\t\t\t\t<h2 class=\"elementor-cta__title elementor-cta__content-item elementor-content-item\">\n\t\t\t\t\t\tCatequesis Infantil\t\t\t\t\t<\/h2>\n\t\t\t\t\n\t\t\t\t\t\t\t\t\t<div class=\"elementor-cta__description elementor-cta__content-item elementor-content-item\">\n\t\t\t\t\t\t Forma a los ni\u00f1os en los primeros pasos de la fe, gui\u00e1ndolos hacia los sacramentos iniciales.\t\t\t\t\t<\/div>\n\t\t\t\t\n\t\t\t\t\t\t\t<\/div>\n\t\t\t\t\t\t<\/div>\n\t\t\t\t\t\t<\/div>\n\t\t\t\t<\/div>\n\t\t\t\t<\/div>\n\t\t<div class=\"elementor-element elementor-element-53938507 e-con-full e-flex cmsmasters-block-default e-con e-child\" data-id=\"53938507\" data-element_type=\"container\" data-e-type=\"container\">\n\t\t\t\t<div class=\"elementor-element elementor-element-14acde2b elementor-cta--layout-image-above elementor-widget__width-inherit elementor-cta--skin-classic elementor-animated-content elementor-bg-transform elementor-bg-transform-zoom-in cmsmasters-block-default cmsmasters-sticky-default elementor-widget elementor-widget-call-to-action\" data-id=\"14acde2b\" data-element_type=\"widget\" data-e-type=\"widget\" data-widget_type=\"call-to-action.default\">\n\t\t\t\t<div class=\"elementor-widget-container\">\n\t\t\t\t\t\t\t<div class=\"elementor-cta\">\n\t\t\t\t\t<div class=\"elementor-cta__bg-wrapper\">\n\t\t\t\t<div class=\"elementor-cta__bg elementor-bg\" style=\"background-image: url(https:\/\/iglesiadelourdes.com\/wp-content\/uploads\/2025\/06\/jovenes-1024x1024.png);\" role=\"img\" aria-label=\"jovenes\"><\/div>\n\t\t\t\t<div class=\"elementor-cta__bg-overlay\"><\/div>\n\t\t\t<\/div>\n\t\t\t\t\t\t\t<div class=\"elementor-cta__content\">\n\t\t\t\t\n\t\t\t\t\t\t\t\t\t<h2 class=\"elementor-cta__title elementor-cta__content-item elementor-content-item\">\n\t\t\t\t\t\tCatequesis Juvenil\t\t\t\t\t<\/h2>\n\t\t\t\t\n\t\t\t\t\t\t\t\t\t<div class=\"elementor-cta__description elementor-cta__content-item elementor-content-item\">\n\t\t\t\t\t\tDirigida a los adolescentes y j\u00f3venes para profundizar en su relaci\u00f3n con Cristo y con la Iglesia, ayud\u00e1ndoles a afrontar los desaf\u00edos de la vida.\t\t\t\t\t<\/div>\n\t\t\t\t\n\t\t\t\t\t\t\t<\/div>\n\t\t\t\t\t\t<\/div>\n\t\t\t\t\t\t<\/div>\n\t\t\t\t<\/div>\n\t\t\t\t<\/div>\n\t\t<div class=\"elementor-element elementor-element-23dc9e1f e-con-full e-flex cmsmasters-block-default e-con e-child\" data-id=\"23dc9e1f\" data-element_type=\"container\" data-e-type=\"container\">\n\t\t\t\t<div class=\"elementor-element elementor-element-1d344bf9 elementor-cta--layout-image-above elementor-widget__width-inherit elementor-cta--skin-classic elementor-animated-content elementor-bg-transform elementor-bg-transform-zoom-in cmsmasters-block-default cmsmasters-sticky-default elementor-widget elementor-widget-call-to-action\" data-id=\"1d344bf9\" data-element_type=\"widget\" data-e-type=\"widget\" data-widget_type=\"call-to-action.default\">\n\t\t\t\t<div class=\"elementor-widget-container\">\n\t\t\t\t\t\t\t<div class=\"elementor-cta\">\n\t\t\t\t\t<div class=\"elementor-cta__bg-wrapper\">\n\t\t\t\t<div class=\"elementor-cta__bg elementor-bg\" style=\"background-image: url(https:\/\/iglesiadelourdes.com\/wp-content\/uploads\/2025\/06\/catequesis-adulto-1024x1024.png);\" role=\"img\" aria-label=\"catequesis adulto\"><\/div>\n\t\t\t\t<div class=\"elementor-cta__bg-overlay\"><\/div>\n\t\t\t<\/div>\n\t\t\t\t\t\t\t<div class=\"elementor-cta__content\">\n\t\t\t\t\n\t\t\t\t\t\t\t\t\t<h2 class=\"elementor-cta__title elementor-cta__content-item elementor-content-item\">\n\t\t\t\t\t\tCatequesis Adultos\t\t\t\t\t<\/h2>\n\t\t\t\t\n\t\t\t\t\t\t\t\t\t<div class=\"elementor-cta__description elementor-cta__content-item elementor-content-item\">\n\t\t\t\t\t\tNo termina con la confirmaci\u00f3n; acompa\u00f1a a los adultos en su crecimiento espiritual, anim\u00e1ndolos a vivir la fe en sus familias y comunidades.\t\t\t\t\t<\/div>\n\t\t\t\t\n\t\t\t\t\t\t\t<\/div>\n\t\t\t\t\t\t<\/div>\n\t\t\t\t\t\t<\/div>\n\t\t\t\t<\/div>\n\t\t\t\t<\/div>\n\t\t<div class=\"elementor-element elementor-element-61ab937c e-con-full e-flex cmsmasters-block-default e-con e-child\" data-id=\"61ab937c\" data-element_type=\"container\" data-e-type=\"container\">\n\t\t\t\t<div class=\"elementor-element elementor-element-1ae836f3 elementor-cta--layout-image-above elementor-widget__width-inherit elementor-cta--skin-classic elementor-animated-content elementor-bg-transform elementor-bg-transform-zoom-in cmsmasters-block-default cmsmasters-sticky-default elementor-widget elementor-widget-call-to-action\" data-id=\"1ae836f3\" data-element_type=\"widget\" data-e-type=\"widget\" data-widget_type=\"call-to-action.default\">\n\t\t\t\t<div class=\"elementor-widget-container\">\n\t\t\t\t\t\t\t<div class=\"elementor-cta\">\n\t\t\t\t\t<div class=\"elementor-cta__bg-wrapper\">\n\t\t\t\t<div class=\"elementor-cta__bg elementor-bg\" style=\"background-image: url(https:\/\/iglesiadelourdes.com\/wp-content\/uploads\/2025\/06\/catequesis-familiar-1024x1024.png);\" role=\"img\" aria-label=\"catequesis familiar\"><\/div>\n\t\t\t\t<div class=\"elementor-cta__bg-overlay\"><\/div>\n\t\t\t<\/div>\n\t\t\t\t\t\t\t<div class=\"elementor-cta__content\">\n\t\t\t\t\n\t\t\t\t\t\t\t\t\t<h2 class=\"elementor-cta__title elementor-cta__content-item elementor-content-item\">\n\t\t\t\t\t\tCatequesis Familiar\t\t\t\t\t<\/h2>\n\t\t\t\t\n\t\t\t\t\t\t\t\t\t<div class=\"elementor-cta__description elementor-cta__content-item elementor-content-item\">\n\t\t\t\t\t\tEnfocada en las familias, promoviendo que los padres sean los primeros catequistas de sus hijos y que toda la familia viva la fe de manera coherente.\t\t\t\t\t<\/div>\n\t\t\t\t\n\t\t\t\t\t\t\t<\/div>\n\t\t\t\t\t\t<\/div>\n\t\t\t\t\t\t<\/div>\n\t\t\t\t<\/div>\n\t\t\t\t<\/div>\n\t\t\t\t<\/div>\n\t\t\t\t<\/div>\n\t\t<div class=\"elementor-element elementor-element-850a0ba e-grid e-con-boxed cmsmasters-block-default e-con e-parent\" data-id=\"850a0ba\" data-element_type=\"container\" data-e-type=\"container\" data-settings=\"{&quot;background_background&quot;:&quot;classic&quot;}\">\n\t\t\t\t\t<div class=\"e-con-inner\">\n\t\t<div class=\"elementor-element elementor-element-56d1b33 e-con-full e-flex cmsmasters-block-default e-con e-child\" data-id=\"56d1b33\" data-element_type=\"container\" data-e-type=\"container\">\n\t\t\t\t<div class=\"elementor-element elementor-element-bdb808d cmsmasters-block-default cmsmasters-sticky-default elementor-widget elementor-widget-text-editor\" data-id=\"bdb808d\" data-element_type=\"widget\" data-e-type=\"widget\" data-widget_type=\"text-editor.default\">\n\t\t\t\t<div class=\"elementor-widget-container\">\n\t\t\t\t\t\t\t\t\t<p style=\"text-align: justify;\"><span style=\"font-family: Calibri; font-size: 14pt;\">El verdadero prop\u00f3sito de la <strong>Catequesis<\/strong> es crear una cultura cat\u00f3lica que transforme al ser humano desde lo profundo, llegando no solo a los ni\u00f1os, sino tambi\u00e9n a j\u00f3venes y adultos. \u00bfCu\u00e1l es el objetivo de la catequesis? No se trata solo de memorizar principios, sino de transmitir un modelo de vida centrado en Jesucristo, desarrollando una relaci\u00f3n personal con \u00c9l y ayudando a cada persona a encontrar su sentido en Dios y a vivir una vida plena.<\/span><\/p><p style=\"margin: 0in; font-family: Calibri; font-size: 14pt; text-align: justify;\"><em><strong>La catequesis debe ser transformadora:<\/strong><\/em> transformar a las personas y, por ende, transformar la sociedad. Esto implica una verdadera \u00abinculturaci\u00f3n\u00bb del Evangelio, es decir, llevar los valores del Evangelio a cada cultura particular, haci\u00e9ndolos parte de ella sin perder su esencia. El Evangelio debe impactar la vida cotidiana y los valores culturales, como lo ha hecho en diferentes momentos de la historia.<\/p><p style=\"margin: 0in; font-family: Calibri; font-size: 14pt; text-align: justify;\">transformar a las personas y, por ende, transformar la sociedad. Esto implica una verdadera \u00abinculturaci\u00f3n\u00bb del Evangelio, es decir, llevar los valores del Evangelio a cada cultura particular, haci\u00e9ndolos parte de ella sin perder su esencia. El Evangelio debe impactar la vida cotidiana y los valores culturales, como lo ha hecho en diferentes momentos de la historia.<\/p>\t\t\t\t\t\t\t\t<\/div>\n\t\t\t\t<\/div>\n\t\t\t\t<\/div>\n\t\t<div class=\"elementor-element elementor-element-c931336 e-con-full e-flex cmsmasters-block-default e-con e-child\" data-id=\"c931336\" data-element_type=\"container\" data-e-type=\"container\">\n\t\t\t\t<div class=\"elementor-element elementor-element-5a25904 cmsmasters-block-default cmsmasters-sticky-default elementor-widget elementor-widget-image\" data-id=\"5a25904\" data-element_type=\"widget\" data-e-type=\"widget\" data-widget_type=\"image.default\">\n\t\t\t\t<div class=\"elementor-widget-container\">\n\t\t\t\t\t\t\t\t\t\t\t\t\t\t\t<img fetchpriority=\"high\" decoding=\"async\" width=\"600\" height=\"400\" src=\"https:\/\/iglesiadelourdes.com\/wp-content\/uploads\/2025\/06\/familia-orando.png\" class=\"attachment-large size-large wp-image-40450\" alt=\"\" srcset=\"https:\/\/iglesiadelourdes.com\/wp-content\/uploads\/2025\/06\/familia-orando.png 600w, https:\/\/iglesiadelourdes.com\/wp-content\/uploads\/2025\/06\/familia-orando-300x200.png 300w, https:\/\/iglesiadelourdes.com\/wp-content\/uploads\/2025\/06\/familia-orando-450x300.png 450w\" sizes=\"(max-width: 600px) 100vw, 600px\" \/>\t\t\t\t\t\t\t\t\t\t\t\t\t\t\t<\/div>\n\t\t\t\t<\/div>\n\t\t\t\t<\/div>\n\t\t\t\t\t<\/div>\n\t\t\t\t<\/div>\n\t\t<div class=\"elementor-element elementor-element-7996d43c e-flex e-con-boxed cmsmasters-block-default e-con e-parent\" data-id=\"7996d43c\" data-element_type=\"container\" data-e-type=\"container\" data-settings=\"{&quot;background_background&quot;:&quot;classic&quot;}\">\n\t\t\t\t\t<div class=\"e-con-inner\">\n\t\t\t\t<div class=\"elementor-element elementor-element-2080036b cmsmasters-block-default cmsmasters-sticky-default elementor-widget elementor-widget-heading\" data-id=\"2080036b\" data-element_type=\"widget\" data-e-type=\"widget\" data-settings=\"{&quot;_animation&quot;:&quot;none&quot;}\" data-widget_type=\"heading.default\">\n\t\t\t\t<div class=\"elementor-widget-container\">\n\t\t\t\t\t<h2 class=\"elementor-heading-title elementor-size-default\">EVANGELIO DIARIO<\/h2>\t\t\t\t<\/div>\n\t\t\t\t<\/div>\n\t\t<div class=\"elementor-element elementor-element-4c28628e e-con-full e-flex cmsmasters-block-default e-con e-child\" data-id=\"4c28628e\" data-element_type=\"container\" data-e-type=\"container\">\n\t\t\t\t<div class=\"elementor-element elementor-element-43ccccfb cmsmasters-block-default cmsmasters-sticky-default elementor-widget elementor-widget-text-editor\" data-id=\"43ccccfb\" data-element_type=\"widget\" data-e-type=\"widget\" data-widget_type=\"text-editor.default\">\n\t\t\t\t<div class=\"elementor-widget-container\">\n\t\t\t\t\t\t\t\t\t<p>Comparte el Evangelio y s\u00e9 instrumento de Dios en la vida de alguien m\u00e1s.<\/p>\t\t\t\t\t\t\t\t<\/div>\n\t\t\t\t<\/div>\n\t\t\t\t<\/div>\n\t\t\t\t\t<\/div>\n\t\t\t\t<\/div>\n\t\t<div class=\"elementor-element elementor-element-211ba66a e-flex e-con-boxed cmsmasters-block-default e-con e-parent\" data-id=\"211ba66a\" data-element_type=\"container\" data-e-type=\"container\">\n\t\t\t\t\t<div class=\"e-con-inner\">\n\t\t<div class=\"elementor-element elementor-element-5571d697 e-con-full e-flex cmsmasters-block-default e-con e-child\" data-id=\"5571d697\" data-element_type=\"container\" data-e-type=\"container\">\n\t\t\t\t<div class=\"elementor-element elementor-element-7f4bf7df elementor-shape-circle elementor-grid-0 e-grid-align-center cmsmasters-block-default cmsmasters-sticky-default elementor-widget elementor-widget-social-icons\" data-id=\"7f4bf7df\" data-element_type=\"widget\" data-e-type=\"widget\" data-widget_type=\"social-icons.default\">\n\t\t\t\t<div class=\"elementor-widget-container\">\n\t\t\t\t\t\t\t<div class=\"elementor-social-icons-wrapper elementor-grid\" role=\"list\">\n\t\t\t\t\t\t\t<span class=\"elementor-grid-item\" role=\"listitem\">\n\t\t\t\t\t<a class=\"elementor-icon elementor-social-icon elementor-social-icon-facebook elementor-repeater-item-a2d57d6\" href=\"https:\/\/www.facebook.com\/parroquiadelourdes\" target=\"_blank\">\n\t\t\t\t\t\t<span class=\"elementor-screen-only\">Facebook<\/span>\n\t\t\t\t\t\t<svg aria-hidden=\"true\" class=\"e-font-icon-svg e-fab-facebook\" viewBox=\"0 0 512 512\" xmlns=\"http:\/\/www.w3.org\/2000\/svg\"><path d=\"M504 256C504 119 393 8 256 8S8 119 8 256c0 123.78 90.69 226.38 209.25 245V327.69h-63V256h63v-54.64c0-62.15 37-96.48 93.67-96.48 27.14 0 55.52 4.84 55.52 4.84v61h-31.28c-30.8 0-40.41 19.12-40.41 38.73V256h68.78l-11 71.69h-57.78V501C413.31 482.38 504 379.78 504 256z\"><\/path><\/svg>\t\t\t\t\t<\/a>\n\t\t\t\t<\/span>\n\t\t\t\t\t\t\t<span class=\"elementor-grid-item\" role=\"listitem\">\n\t\t\t\t\t<a class=\"elementor-icon elementor-social-icon elementor-social-icon-youtube elementor-repeater-item-2840109\" href=\"https:\/\/www.youtube.com\/@parroquialourdescr\" target=\"_blank\">\n\t\t\t\t\t\t<span class=\"elementor-screen-only\">Youtube<\/span>\n\t\t\t\t\t\t<svg aria-hidden=\"true\" class=\"e-font-icon-svg e-fab-youtube\" viewBox=\"0 0 576 512\" xmlns=\"http:\/\/www.w3.org\/2000\/svg\"><path d=\"M549.655 124.083c-6.281-23.65-24.787-42.276-48.284-48.597C458.781 64 288 64 288 64S117.22 64 74.629 75.486c-23.497 6.322-42.003 24.947-48.284 48.597-11.412 42.867-11.412 132.305-11.412 132.305s0 89.438 11.412 132.305c6.281 23.65 24.787 41.5 48.284 47.821C117.22 448 288 448 288 448s170.78 0 213.371-11.486c23.497-6.321 42.003-24.171 48.284-47.821 11.412-42.867 11.412-132.305 11.412-132.305s0-89.438-11.412-132.305zm-317.51 213.508V175.185l142.739 81.205-142.739 81.201z\"><\/path><\/svg>\t\t\t\t\t<\/a>\n\t\t\t\t<\/span>\n\t\t\t\t\t\t\t<span class=\"elementor-grid-item\" role=\"listitem\">\n\t\t\t\t\t<a class=\"elementor-icon elementor-social-icon elementor-social-icon-instagram elementor-repeater-item-e7c8c98\" href=\"https:\/\/www.instagram.com\/iglesiadelourdescr\/\" target=\"_blank\">\n\t\t\t\t\t\t<span class=\"elementor-screen-only\">Instagram<\/span>\n\t\t\t\t\t\t<svg aria-hidden=\"true\" class=\"e-font-icon-svg e-fab-instagram\" viewBox=\"0 0 448 512\" xmlns=\"http:\/\/www.w3.org\/2000\/svg\"><path d=\"M224.1 141c-63.6 0-114.9 51.3-114.9 114.9s51.3 114.9 114.9 114.9S339 319.5 339 255.9 287.7 141 224.1 141zm0 189.6c-41.1 0-74.7-33.5-74.7-74.7s33.5-74.7 74.7-74.7 74.7 33.5 74.7 74.7-33.6 74.7-74.7 74.7zm146.4-194.3c0 14.9-12 26.8-26.8 26.8-14.9 0-26.8-12-26.8-26.8s12-26.8 26.8-26.8 26.8 12 26.8 26.8zm76.1 27.2c-1.7-35.9-9.9-67.7-36.2-93.9-26.2-26.2-58-34.4-93.9-36.2-37-2.1-147.9-2.1-184.9 0-35.8 1.7-67.6 9.9-93.9 36.1s-34.4 58-36.2 93.9c-2.1 37-2.1 147.9 0 184.9 1.7 35.9 9.9 67.7 36.2 93.9s58 34.4 93.9 36.2c37 2.1 147.9 2.1 184.9 0 35.9-1.7 67.7-9.9 93.9-36.2 26.2-26.2 34.4-58 36.2-93.9 2.1-37 2.1-147.8 0-184.8zM398.8 388c-7.8 19.6-22.9 34.7-42.6 42.6-29.5 11.7-99.5 9-132.1 9s-102.7 2.6-132.1-9c-19.6-7.8-34.7-22.9-42.6-42.6-11.7-29.5-9-99.5-9-132.1s-2.6-102.7 9-132.1c7.8-19.6 22.9-34.7 42.6-42.6 29.5-11.7 99.5-9 132.1-9s102.7-2.6 132.1 9c19.6 7.8 34.7 22.9 42.6 42.6 11.7 29.5 9 99.5 9 132.1s2.7 102.7-9 132.1z\"><\/path><\/svg>\t\t\t\t\t<\/a>\n\t\t\t\t<\/span>\n\t\t\t\t\t\t\t<span class=\"elementor-grid-item\" role=\"listitem\">\n\t\t\t\t\t<a class=\"elementor-icon elementor-social-icon elementor-social-icon-spotify elementor-repeater-item-fa61330\" href=\"https:\/\/spotify.link\/2CDB8btxQXb\" target=\"_blank\">\n\t\t\t\t\t\t<span class=\"elementor-screen-only\">Spotify<\/span>\n\t\t\t\t\t\t<svg aria-hidden=\"true\" class=\"e-font-icon-svg e-fab-spotify\" viewBox=\"0 0 496 512\" xmlns=\"http:\/\/www.w3.org\/2000\/svg\"><path d=\"M248 8C111.1 8 0 119.1 0 256s111.1 248 248 248 248-111.1 248-248S384.9 8 248 8zm100.7 364.9c-4.2 0-6.8-1.3-10.7-3.6-62.4-37.6-135-39.2-206.7-24.5-3.9 1-9 2.6-11.9 2.6-9.7 0-15.8-7.7-15.8-15.8 0-10.3 6.1-15.2 13.6-16.8 81.9-18.1 165.6-16.5 237 26.2 6.1 3.9 9.7 7.4 9.7 16.5s-7.1 15.4-15.2 15.4zm26.9-65.6c-5.2 0-8.7-2.3-12.3-4.2-62.5-37-155.7-51.9-238.6-29.4-4.8 1.3-7.4 2.6-11.9 2.6-10.7 0-19.4-8.7-19.4-19.4s5.2-17.8 15.5-20.7c27.8-7.8 56.2-13.6 97.8-13.6 64.9 0 127.6 16.1 177 45.5 8.1 4.8 11.3 11 11.3 19.7-.1 10.8-8.5 19.5-19.4 19.5zm31-76.2c-5.2 0-8.4-1.3-12.9-3.9-71.2-42.5-198.5-52.7-280.9-29.7-3.6 1-8.1 2.6-12.9 2.6-13.2 0-23.3-10.3-23.3-23.6 0-13.6 8.4-21.3 17.4-23.9 35.2-10.3 74.6-15.2 117.5-15.2 73 0 149.5 15.2 205.4 47.8 7.8 4.5 12.9 10.7 12.9 22.6 0 13.6-11 23.3-23.2 23.3z\"><\/path><\/svg>\t\t\t\t\t<\/a>\n\t\t\t\t<\/span>\n\t\t\t\t\t<\/div>\n\t\t\t\t\t\t<\/div>\n\t\t\t\t<\/div>\n\t\t\t\t<\/div>\n\t\t\t\t\t<\/div>\n\t\t\t\t<\/div>\n\t\t<div class=\"elementor-element elementor-element-19d01cab e-flex e-con-boxed cmsmasters-block-default e-con e-parent\" data-id=\"19d01cab\" data-element_type=\"container\" data-e-type=\"container\" data-settings=\"{&quot;background_background&quot;:&quot;classic&quot;}\">\n\t\t\t\t\t<div class=\"e-con-inner\">\n\t\t<div class=\"elementor-element elementor-element-4b978f7f e-con-full e-flex cmsmasters-block-default e-con e-child\" data-id=\"4b978f7f\" data-element_type=\"container\" data-e-type=\"container\">\n\t\t\t\t<div class=\"elementor-element elementor-element-4ac14e70 cmsmasters-blog--layout-default cmsmasters-slider--effect-slide cmsmasters-block-default cmsmasters-sticky-default elementor-widget elementor-widget-cmsmasters-blog-slider elementor-widget-cmsmasters-blog-similar\" data-id=\"4ac14e70\" data-element_type=\"widget\" data-e-type=\"widget\" data-settings=\"{&quot;blog_layout&quot;:&quot;default&quot;,&quot;slider_type&quot;:&quot;carousel&quot;,&quot;slider_effect&quot;:&quot;slide&quot;,&quot;slider_direction&quot;:&quot;horizontal&quot;,&quot;slider_height_type&quot;:&quot;auto&quot;,&quot;slider_per_view&quot;:&quot;3&quot;,&quot;slider_autoplay&quot;:&quot;yes&quot;,&quot;slider_autoplay_speed&quot;:5000,&quot;slider_speed&quot;:500,&quot;slider_pause_on_hover&quot;:&quot;yes&quot;,&quot;slider_infinite&quot;:&quot;yes&quot;,&quot;slider_arrows&quot;:&quot;yes&quot;,&quot;slider_arrows_visibility&quot;:&quot;always&quot;,&quot;slider_space_between&quot;:{&quot;unit&quot;:&quot;px&quot;,&quot;size&quot;:&quot;&quot;,&quot;sizes&quot;:[]},&quot;slider_space_between_widescreen&quot;:{&quot;unit&quot;:&quot;px&quot;,&quot;size&quot;:&quot;&quot;,&quot;sizes&quot;:[]},&quot;slider_space_between_tablet&quot;:{&quot;unit&quot;:&quot;px&quot;,&quot;size&quot;:&quot;&quot;,&quot;sizes&quot;:[]},&quot;slider_space_between_mobile&quot;:{&quot;unit&quot;:&quot;px&quot;,&quot;size&quot;:&quot;&quot;,&quot;sizes&quot;:[]},&quot;slider_width&quot;:{&quot;unit&quot;:&quot;%&quot;,&quot;size&quot;:&quot;&quot;,&quot;sizes&quot;:[]},&quot;slider_width_widescreen&quot;:{&quot;unit&quot;:&quot;px&quot;,&quot;size&quot;:&quot;&quot;,&quot;sizes&quot;:[]},&quot;slider_width_tablet&quot;:{&quot;unit&quot;:&quot;px&quot;,&quot;size&quot;:&quot;&quot;,&quot;sizes&quot;:[]},&quot;slider_width_mobile&quot;:{&quot;unit&quot;:&quot;px&quot;,&quot;size&quot;:&quot;&quot;,&quot;sizes&quot;:[]},&quot;slider_scrollbar_circle&quot;:&quot;circle&quot;}\" data-widget_type=\"cmsmasters-blog-slider.default\">\n\t\t\t\t<div class=\"elementor-widget-container\">\n\t\t\t\t\t<div class=\"cmsmasters-blog cmsmasters-blog-slider cmsmasters-blog--type-default\"><div class=\"cmsmasters-blog__posts-variable\"><div class=\"cmsmasters-blog__posts-wrap\"><div class=\"cmsmasters-blog__posts\"><div id=\"cmsmasters-slider-4ac14e70\" class=\"cmsmasters-slider\"><div class=\"swiper cmsmasters-swiper-container\"><div class=\"swiper-wrapper\"><div class=\"swiper-slide\"><article id=\"post-42006\" class=\"cmsmasters-blog__post post-42006 post type-post status-publish format-standard has-post-thumbnail hentry category-evangeliodiario\"><div class=\"cmsmasters-blog__post-inner\"><div class=\"cmsmasters-blog__post-thumbnail\"><a href=\"https:\/\/iglesiadelourdes.com\/index.php\/2026\/04\/14\/14-de-abril-del-2026\/\" class=\"cmsmasters-blog__post-thumbnail__inner\"><img decoding=\"async\" width=\"768\" height=\"512\" src=\"https:\/\/iglesiadelourdes.com\/wp-content\/uploads\/2026\/04\/dd9f37b0-16b7-47cd-933e-00dfaf350a93-768x512.png\" class=\"attachment-medium_large size-medium_large wp-image-42010\" alt=\"\" srcset=\"https:\/\/iglesiadelourdes.com\/wp-content\/uploads\/2026\/04\/dd9f37b0-16b7-47cd-933e-00dfaf350a93-768x512.png 768w, https:\/\/iglesiadelourdes.com\/wp-content\/uploads\/2026\/04\/dd9f37b0-16b7-47cd-933e-00dfaf350a93-300x200.png 300w, https:\/\/iglesiadelourdes.com\/wp-content\/uploads\/2026\/04\/dd9f37b0-16b7-47cd-933e-00dfaf350a93-1024x683.png 1024w, https:\/\/iglesiadelourdes.com\/wp-content\/uploads\/2026\/04\/dd9f37b0-16b7-47cd-933e-00dfaf350a93-450x300.png 450w, https:\/\/iglesiadelourdes.com\/wp-content\/uploads\/2026\/04\/dd9f37b0-16b7-47cd-933e-00dfaf350a93-600x400.png 600w, https:\/\/iglesiadelourdes.com\/wp-content\/uploads\/2026\/04\/dd9f37b0-16b7-47cd-933e-00dfaf350a93.png 1536w\" sizes=\"(max-width: 768px) 100vw, 768px\" \/><\/a><\/div><div class=\"cmsmasters-widget-meta-data\" data-name=\"meta_data_top\"><div class=\"cmsmasters-widget-meta-data-inner\"><div class=\"cmsmasters-widget-meta-data-item\"><span data-taxonomy=\"category\" class=\"cmsmasters-postmeta\" data-name=\"taxonomy\"><span class=\"cmsmasters-postmeta__inner\"><span class=\"cmsmasters-postmeta__content\"><span class=\"term-wrap\"><a class=\"term\" rel=\"category tag\" href=\"https:\/\/iglesiadelourdes.com\/index.php\/category\/evangeliodiario\/\"><span>Evangelio Diario<\/span><\/a><\/span><\/span><\/span><\/span><\/div><\/div><\/div><h3 class=\"cmsmasters-blog__post-title\"><a href=\"https:\/\/iglesiadelourdes.com\/index.php\/2026\/04\/14\/14-de-abril-del-2026\/\">14 de abril del 2026<\/a><\/h3><div class=\"cmsmasters-blog__post-excerpt\">Primera lectura Lectura del libro de los Hechos de los ap\u00f3stoles 4, 32-37 &nbsp; El grupo de los creyentes ten\u00eda un solo coraz\u00f3n y una...<\/div><div class=\"cmsmasters-blog__post_footer\"><div class=\"cmsmasters-widget-meta-data\" data-name=\"meta_data_bottom\"><div class=\"cmsmasters-widget-meta-data-inner\"><div class=\"cmsmasters-widget-meta-data-item\"><span class=\"author-prefix\">By <\/span><span class=\"cmsmasters-postmeta\" data-name=\"author\"><span class=\"cmsmasters-postmeta__inner\"><span class=\"cmsmasters-postmeta__content\"><a rel=\"author\" href=\"https:\/\/iglesiadelourdes.com\/index.php\/author\/jrmiranda\/\"><span>JRMiranda<\/span><\/a><\/span><\/span><\/span><span class=\"item-sep\"><\/span><\/div><div class=\"cmsmasters-widget-meta-data-item\"><span class=\"cmsmasters-postmeta\" data-name=\"date\"><span class=\"cmsmasters-postmeta__inner\"><span class=\"cmsmasters-postmeta__content\"><span>abril 14, 2026<\/span><\/span><\/span><\/span><span class=\"item-sep\"><\/span><\/div><div class=\"cmsmasters-widget-meta-data-item\"><a title=\"Like\" data-id=\"42006\" href=\"#\" data-type=\"like\" class=\"cmsmasters-postmeta\" data-name=\"count\"><span class=\"cmsmasters-postmeta__inner\"><span class=\"cmsmasters-wrap-icon\"><i aria-hidden=\"true\" class=\"far fa-heart\"><\/i><\/span><span class=\"cmsmasters-postmeta__content\">0<\/span><\/span><\/a><\/div><\/div><\/div><\/div><\/div><\/article><\/div><div class=\"swiper-slide\"><article id=\"post-42002\" class=\"cmsmasters-blog__post post-42002 post type-post status-publish format-standard has-post-thumbnail hentry category-evangeliodiario\"><div class=\"cmsmasters-blog__post-inner\"><div class=\"cmsmasters-blog__post-thumbnail\"><a href=\"https:\/\/iglesiadelourdes.com\/index.php\/2026\/04\/14\/13-de-abril-del-2026\/\" class=\"cmsmasters-blog__post-thumbnail__inner\"><img decoding=\"async\" width=\"768\" height=\"512\" src=\"https:\/\/iglesiadelourdes.com\/wp-content\/uploads\/2026\/04\/7a8576d0-5eed-4f42-ba40-f6d0431bdb65-768x512.png\" class=\"attachment-medium_large size-medium_large wp-image-42003\" alt=\"\" srcset=\"https:\/\/iglesiadelourdes.com\/wp-content\/uploads\/2026\/04\/7a8576d0-5eed-4f42-ba40-f6d0431bdb65-768x512.png 768w, https:\/\/iglesiadelourdes.com\/wp-content\/uploads\/2026\/04\/7a8576d0-5eed-4f42-ba40-f6d0431bdb65-300x200.png 300w, https:\/\/iglesiadelourdes.com\/wp-content\/uploads\/2026\/04\/7a8576d0-5eed-4f42-ba40-f6d0431bdb65-1024x683.png 1024w, https:\/\/iglesiadelourdes.com\/wp-content\/uploads\/2026\/04\/7a8576d0-5eed-4f42-ba40-f6d0431bdb65-450x300.png 450w, https:\/\/iglesiadelourdes.com\/wp-content\/uploads\/2026\/04\/7a8576d0-5eed-4f42-ba40-f6d0431bdb65-600x400.png 600w, https:\/\/iglesiadelourdes.com\/wp-content\/uploads\/2026\/04\/7a8576d0-5eed-4f42-ba40-f6d0431bdb65.png 1536w\" sizes=\"(max-width: 768px) 100vw, 768px\" \/><\/a><\/div><div class=\"cmsmasters-widget-meta-data\" data-name=\"meta_data_top\"><div class=\"cmsmasters-widget-meta-data-inner\"><div class=\"cmsmasters-widget-meta-data-item\"><span data-taxonomy=\"category\" class=\"cmsmasters-postmeta\" data-name=\"taxonomy\"><span class=\"cmsmasters-postmeta__inner\"><span class=\"cmsmasters-postmeta__content\"><span class=\"term-wrap\"><a class=\"term\" rel=\"category tag\" href=\"https:\/\/iglesiadelourdes.com\/index.php\/category\/evangeliodiario\/\"><span>Evangelio Diario<\/span><\/a><\/span><\/span><\/span><\/span><\/div><\/div><\/div><h3 class=\"cmsmasters-blog__post-title\"><a href=\"https:\/\/iglesiadelourdes.com\/index.php\/2026\/04\/14\/13-de-abril-del-2026\/\">13 de abril del 2026<\/a><\/h3><div class=\"cmsmasters-blog__post-excerpt\">Primera lectura Lectura del libro de los Hechos de los ap\u00f3stoles 4, 23-31 &nbsp; En aquellos d\u00edas, Pedro y Juan, puestos en libertad, volvieron a...<\/div><div class=\"cmsmasters-blog__post_footer\"><div class=\"cmsmasters-widget-meta-data\" data-name=\"meta_data_bottom\"><div class=\"cmsmasters-widget-meta-data-inner\"><div class=\"cmsmasters-widget-meta-data-item\"><span class=\"author-prefix\">By <\/span><span class=\"cmsmasters-postmeta\" data-name=\"author\"><span class=\"cmsmasters-postmeta__inner\"><span class=\"cmsmasters-postmeta__content\"><a rel=\"author\" href=\"https:\/\/iglesiadelourdes.com\/index.php\/author\/jrmiranda\/\"><span>JRMiranda<\/span><\/a><\/span><\/span><\/span><span class=\"item-sep\"><\/span><\/div><div class=\"cmsmasters-widget-meta-data-item\"><span class=\"cmsmasters-postmeta\" data-name=\"date\"><span class=\"cmsmasters-postmeta__inner\"><span class=\"cmsmasters-postmeta__content\"><span>abril 14, 2026<\/span><\/span><\/span><\/span><span class=\"item-sep\"><\/span><\/div><div class=\"cmsmasters-widget-meta-data-item\"><a title=\"Like\" data-id=\"42002\" href=\"#\" data-type=\"like\" class=\"cmsmasters-postmeta\" data-name=\"count\"><span class=\"cmsmasters-postmeta__inner\"><span class=\"cmsmasters-wrap-icon\"><i aria-hidden=\"true\" class=\"far fa-heart\"><\/i><\/span><span class=\"cmsmasters-postmeta__content\">0<\/span><\/span><\/a><\/div><\/div><\/div><\/div><\/div><\/article><\/div><div class=\"swiper-slide\"><article id=\"post-41999\" class=\"cmsmasters-blog__post post-41999 post type-post status-publish format-standard has-post-thumbnail hentry category-evangeliodiario\"><div class=\"cmsmasters-blog__post-inner\"><div class=\"cmsmasters-blog__post-thumbnail\"><a href=\"https:\/\/iglesiadelourdes.com\/index.php\/2026\/04\/14\/12-de-abril-del-2026\/\" class=\"cmsmasters-blog__post-thumbnail__inner\"><img loading=\"lazy\" decoding=\"async\" width=\"768\" height=\"512\" src=\"https:\/\/iglesiadelourdes.com\/wp-content\/uploads\/2026\/04\/0de9309e-42f2-4421-9a7d-b1db7f15a5b8-768x512.png\" class=\"attachment-medium_large size-medium_large wp-image-42000\" alt=\"\" srcset=\"https:\/\/iglesiadelourdes.com\/wp-content\/uploads\/2026\/04\/0de9309e-42f2-4421-9a7d-b1db7f15a5b8-768x512.png 768w, https:\/\/iglesiadelourdes.com\/wp-content\/uploads\/2026\/04\/0de9309e-42f2-4421-9a7d-b1db7f15a5b8-300x200.png 300w, https:\/\/iglesiadelourdes.com\/wp-content\/uploads\/2026\/04\/0de9309e-42f2-4421-9a7d-b1db7f15a5b8-1024x683.png 1024w, https:\/\/iglesiadelourdes.com\/wp-content\/uploads\/2026\/04\/0de9309e-42f2-4421-9a7d-b1db7f15a5b8-450x300.png 450w, https:\/\/iglesiadelourdes.com\/wp-content\/uploads\/2026\/04\/0de9309e-42f2-4421-9a7d-b1db7f15a5b8-600x400.png 600w, https:\/\/iglesiadelourdes.com\/wp-content\/uploads\/2026\/04\/0de9309e-42f2-4421-9a7d-b1db7f15a5b8.png 1536w\" sizes=\"(max-width: 768px) 100vw, 768px\" \/><\/a><\/div><div class=\"cmsmasters-widget-meta-data\" data-name=\"meta_data_top\"><div class=\"cmsmasters-widget-meta-data-inner\"><div class=\"cmsmasters-widget-meta-data-item\"><span data-taxonomy=\"category\" class=\"cmsmasters-postmeta\" data-name=\"taxonomy\"><span class=\"cmsmasters-postmeta__inner\"><span class=\"cmsmasters-postmeta__content\"><span class=\"term-wrap\"><a class=\"term\" rel=\"category tag\" href=\"https:\/\/iglesiadelourdes.com\/index.php\/category\/evangeliodiario\/\"><span>Evangelio Diario<\/span><\/a><\/span><\/span><\/span><\/span><\/div><\/div><\/div><h3 class=\"cmsmasters-blog__post-title\"><a href=\"https:\/\/iglesiadelourdes.com\/index.php\/2026\/04\/14\/12-de-abril-del-2026\/\">12 de abril del 2026<\/a><\/h3><div class=\"cmsmasters-blog__post-excerpt\">Primera lectura Lectura del libro de los Hechos de los ap\u00f3stoles 2, 42-47 &nbsp; Los hermanos perseveraban en la ense\u00f1anza de los ap\u00f3stoles, en la...<\/div><div class=\"cmsmasters-blog__post_footer\"><div class=\"cmsmasters-widget-meta-data\" data-name=\"meta_data_bottom\"><div class=\"cmsmasters-widget-meta-data-inner\"><div class=\"cmsmasters-widget-meta-data-item\"><span class=\"author-prefix\">By <\/span><span class=\"cmsmasters-postmeta\" data-name=\"author\"><span class=\"cmsmasters-postmeta__inner\"><span class=\"cmsmasters-postmeta__content\"><a rel=\"author\" href=\"https:\/\/iglesiadelourdes.com\/index.php\/author\/jrmiranda\/\"><span>JRMiranda<\/span><\/a><\/span><\/span><\/span><span class=\"item-sep\"><\/span><\/div><div class=\"cmsmasters-widget-meta-data-item\"><span class=\"cmsmasters-postmeta\" data-name=\"date\"><span class=\"cmsmasters-postmeta__inner\"><span class=\"cmsmasters-postmeta__content\"><span>abril 14, 2026<\/span><\/span><\/span><\/span><span class=\"item-sep\"><\/span><\/div><div class=\"cmsmasters-widget-meta-data-item\"><a title=\"Like\" data-id=\"41999\" href=\"#\" data-type=\"like\" class=\"cmsmasters-postmeta\" data-name=\"count\"><span class=\"cmsmasters-postmeta__inner\"><span class=\"cmsmasters-wrap-icon\"><i aria-hidden=\"true\" class=\"far fa-heart\"><\/i><\/span><span class=\"cmsmasters-postmeta__content\">0<\/span><\/span><\/a><\/div><\/div><\/div><\/div><\/div><\/article><\/div><div class=\"swiper-slide\"><article id=\"post-41994\" class=\"cmsmasters-blog__post post-41994 post type-post status-publish format-standard has-post-thumbnail hentry category-evangeliodiario\"><div class=\"cmsmasters-blog__post-inner\"><div class=\"cmsmasters-blog__post-thumbnail\"><a href=\"https:\/\/iglesiadelourdes.com\/index.php\/2026\/04\/14\/11-de-abril-del-2026\/\" class=\"cmsmasters-blog__post-thumbnail__inner\"><img loading=\"lazy\" decoding=\"async\" width=\"768\" height=\"512\" src=\"https:\/\/iglesiadelourdes.com\/wp-content\/uploads\/2026\/04\/a0b4bfe6-3e10-4fd7-bae2-26032538aceb-1-768x512.png\" class=\"attachment-medium_large size-medium_large wp-image-41997\" alt=\"\" srcset=\"https:\/\/iglesiadelourdes.com\/wp-content\/uploads\/2026\/04\/a0b4bfe6-3e10-4fd7-bae2-26032538aceb-1-768x512.png 768w, https:\/\/iglesiadelourdes.com\/wp-content\/uploads\/2026\/04\/a0b4bfe6-3e10-4fd7-bae2-26032538aceb-1-300x200.png 300w, https:\/\/iglesiadelourdes.com\/wp-content\/uploads\/2026\/04\/a0b4bfe6-3e10-4fd7-bae2-26032538aceb-1-1024x683.png 1024w, https:\/\/iglesiadelourdes.com\/wp-content\/uploads\/2026\/04\/a0b4bfe6-3e10-4fd7-bae2-26032538aceb-1-450x300.png 450w, https:\/\/iglesiadelourdes.com\/wp-content\/uploads\/2026\/04\/a0b4bfe6-3e10-4fd7-bae2-26032538aceb-1-600x400.png 600w, https:\/\/iglesiadelourdes.com\/wp-content\/uploads\/2026\/04\/a0b4bfe6-3e10-4fd7-bae2-26032538aceb-1.png 1536w\" sizes=\"(max-width: 768px) 100vw, 768px\" \/><\/a><\/div><div class=\"cmsmasters-widget-meta-data\" data-name=\"meta_data_top\"><div class=\"cmsmasters-widget-meta-data-inner\"><div class=\"cmsmasters-widget-meta-data-item\"><span data-taxonomy=\"category\" class=\"cmsmasters-postmeta\" data-name=\"taxonomy\"><span class=\"cmsmasters-postmeta__inner\"><span class=\"cmsmasters-postmeta__content\"><span class=\"term-wrap\"><a class=\"term\" rel=\"category tag\" href=\"https:\/\/iglesiadelourdes.com\/index.php\/category\/evangeliodiario\/\"><span>Evangelio Diario<\/span><\/a><\/span><\/span><\/span><\/span><\/div><\/div><\/div><h3 class=\"cmsmasters-blog__post-title\"><a href=\"https:\/\/iglesiadelourdes.com\/index.php\/2026\/04\/14\/11-de-abril-del-2026\/\">11 de abril del 2026<\/a><\/h3><div class=\"cmsmasters-blog__post-excerpt\">Primera lectura Lectura del libro de los Hechos de los ap\u00f3stoles 4, 13-21 &nbsp; En aquellos d\u00edas, los jefes del pueblo, los ancianos y los...<\/div><div class=\"cmsmasters-blog__post_footer\"><div class=\"cmsmasters-widget-meta-data\" data-name=\"meta_data_bottom\"><div class=\"cmsmasters-widget-meta-data-inner\"><div class=\"cmsmasters-widget-meta-data-item\"><span class=\"author-prefix\">By <\/span><span class=\"cmsmasters-postmeta\" data-name=\"author\"><span class=\"cmsmasters-postmeta__inner\"><span class=\"cmsmasters-postmeta__content\"><a rel=\"author\" href=\"https:\/\/iglesiadelourdes.com\/index.php\/author\/jrmiranda\/\"><span>JRMiranda<\/span><\/a><\/span><\/span><\/span><span class=\"item-sep\"><\/span><\/div><div class=\"cmsmasters-widget-meta-data-item\"><span class=\"cmsmasters-postmeta\" data-name=\"date\"><span class=\"cmsmasters-postmeta__inner\"><span class=\"cmsmasters-postmeta__content\"><span>abril 14, 2026<\/span><\/span><\/span><\/span><span class=\"item-sep\"><\/span><\/div><div class=\"cmsmasters-widget-meta-data-item\"><a title=\"Like\" data-id=\"41994\" href=\"#\" data-type=\"like\" class=\"cmsmasters-postmeta\" data-name=\"count\"><span class=\"cmsmasters-postmeta__inner\"><span class=\"cmsmasters-wrap-icon\"><i aria-hidden=\"true\" class=\"far fa-heart\"><\/i><\/span><span class=\"cmsmasters-postmeta__content\">0<\/span><\/span><\/a><\/div><\/div><\/div><\/div><\/div><\/article><\/div><div class=\"swiper-slide\"><article id=\"post-41991\" class=\"cmsmasters-blog__post post-41991 post type-post status-publish format-standard has-post-thumbnail hentry category-evangeliodiario\"><div class=\"cmsmasters-blog__post-inner\"><div class=\"cmsmasters-blog__post-thumbnail\"><a href=\"https:\/\/iglesiadelourdes.com\/index.php\/2026\/04\/14\/10-de-abril-del-2026\/\" class=\"cmsmasters-blog__post-thumbnail__inner\"><img loading=\"lazy\" decoding=\"async\" width=\"768\" height=\"512\" src=\"https:\/\/iglesiadelourdes.com\/wp-content\/uploads\/2026\/04\/cf4a028d-44b2-464d-9b7e-d0a7aa9d8775-768x512.png\" class=\"attachment-medium_large size-medium_large wp-image-41992\" alt=\"\" srcset=\"https:\/\/iglesiadelourdes.com\/wp-content\/uploads\/2026\/04\/cf4a028d-44b2-464d-9b7e-d0a7aa9d8775-768x512.png 768w, https:\/\/iglesiadelourdes.com\/wp-content\/uploads\/2026\/04\/cf4a028d-44b2-464d-9b7e-d0a7aa9d8775-300x200.png 300w, https:\/\/iglesiadelourdes.com\/wp-content\/uploads\/2026\/04\/cf4a028d-44b2-464d-9b7e-d0a7aa9d8775-1024x683.png 1024w, https:\/\/iglesiadelourdes.com\/wp-content\/uploads\/2026\/04\/cf4a028d-44b2-464d-9b7e-d0a7aa9d8775-450x300.png 450w, https:\/\/iglesiadelourdes.com\/wp-content\/uploads\/2026\/04\/cf4a028d-44b2-464d-9b7e-d0a7aa9d8775-600x400.png 600w, https:\/\/iglesiadelourdes.com\/wp-content\/uploads\/2026\/04\/cf4a028d-44b2-464d-9b7e-d0a7aa9d8775.png 1536w\" sizes=\"(max-width: 768px) 100vw, 768px\" \/><\/a><\/div><div class=\"cmsmasters-widget-meta-data\" data-name=\"meta_data_top\"><div class=\"cmsmasters-widget-meta-data-inner\"><div class=\"cmsmasters-widget-meta-data-item\"><span data-taxonomy=\"category\" class=\"cmsmasters-postmeta\" data-name=\"taxonomy\"><span class=\"cmsmasters-postmeta__inner\"><span class=\"cmsmasters-postmeta__content\"><span class=\"term-wrap\"><a class=\"term\" rel=\"category tag\" href=\"https:\/\/iglesiadelourdes.com\/index.php\/category\/evangeliodiario\/\"><span>Evangelio Diario<\/span><\/a><\/span><\/span><\/span><\/span><\/div><\/div><\/div><h3 class=\"cmsmasters-blog__post-title\"><a href=\"https:\/\/iglesiadelourdes.com\/index.php\/2026\/04\/14\/10-de-abril-del-2026\/\">10 de abril del 2026<\/a><\/h3><div class=\"cmsmasters-blog__post-excerpt\">Primera lectura Lectura del libro de los Hechos de los ap\u00f3stoles 4, 1-12 &nbsp; En aquellos d\u00edas, mientras Pedro y Juan hablaban al pueblo, despu\u00e9s...<\/div><div class=\"cmsmasters-blog__post_footer\"><div class=\"cmsmasters-widget-meta-data\" data-name=\"meta_data_bottom\"><div class=\"cmsmasters-widget-meta-data-inner\"><div class=\"cmsmasters-widget-meta-data-item\"><span class=\"author-prefix\">By <\/span><span class=\"cmsmasters-postmeta\" data-name=\"author\"><span class=\"cmsmasters-postmeta__inner\"><span class=\"cmsmasters-postmeta__content\"><a rel=\"author\" href=\"https:\/\/iglesiadelourdes.com\/index.php\/author\/jrmiranda\/\"><span>JRMiranda<\/span><\/a><\/span><\/span><\/span><span class=\"item-sep\"><\/span><\/div><div class=\"cmsmasters-widget-meta-data-item\"><span class=\"cmsmasters-postmeta\" data-name=\"date\"><span class=\"cmsmasters-postmeta__inner\"><span class=\"cmsmasters-postmeta__content\"><span>abril 14, 2026<\/span><\/span><\/span><\/span><span class=\"item-sep\"><\/span><\/div><div class=\"cmsmasters-widget-meta-data-item\"><a title=\"Like\" data-id=\"41991\" href=\"#\" data-type=\"like\" class=\"cmsmasters-postmeta\" data-name=\"count\"><span class=\"cmsmasters-postmeta__inner\"><span class=\"cmsmasters-wrap-icon\"><i aria-hidden=\"true\" class=\"far fa-heart\"><\/i><\/span><span class=\"cmsmasters-postmeta__content\">0<\/span><\/span><\/a><\/div><\/div><\/div><\/div><\/div><\/article><\/div><div class=\"swiper-slide\"><article id=\"post-41986\" class=\"cmsmasters-blog__post post-41986 post type-post status-publish format-standard has-post-thumbnail hentry category-evangeliodiario\"><div class=\"cmsmasters-blog__post-inner\"><div class=\"cmsmasters-blog__post-thumbnail\"><a href=\"https:\/\/iglesiadelourdes.com\/index.php\/2026\/04\/14\/9-de-abril-del-2026\/\" class=\"cmsmasters-blog__post-thumbnail__inner\"><img loading=\"lazy\" decoding=\"async\" width=\"768\" height=\"512\" src=\"https:\/\/iglesiadelourdes.com\/wp-content\/uploads\/2026\/04\/a0b4bfe6-3e10-4fd7-bae2-26032538aceb-768x512.png\" class=\"attachment-medium_large size-medium_large wp-image-41988\" alt=\"\" srcset=\"https:\/\/iglesiadelourdes.com\/wp-content\/uploads\/2026\/04\/a0b4bfe6-3e10-4fd7-bae2-26032538aceb-768x512.png 768w, https:\/\/iglesiadelourdes.com\/wp-content\/uploads\/2026\/04\/a0b4bfe6-3e10-4fd7-bae2-26032538aceb-300x200.png 300w, https:\/\/iglesiadelourdes.com\/wp-content\/uploads\/2026\/04\/a0b4bfe6-3e10-4fd7-bae2-26032538aceb-1024x683.png 1024w, https:\/\/iglesiadelourdes.com\/wp-content\/uploads\/2026\/04\/a0b4bfe6-3e10-4fd7-bae2-26032538aceb-450x300.png 450w, https:\/\/iglesiadelourdes.com\/wp-content\/uploads\/2026\/04\/a0b4bfe6-3e10-4fd7-bae2-26032538aceb-600x400.png 600w, https:\/\/iglesiadelourdes.com\/wp-content\/uploads\/2026\/04\/a0b4bfe6-3e10-4fd7-bae2-26032538aceb.png 1536w\" sizes=\"(max-width: 768px) 100vw, 768px\" \/><\/a><\/div><div class=\"cmsmasters-widget-meta-data\" data-name=\"meta_data_top\"><div class=\"cmsmasters-widget-meta-data-inner\"><div class=\"cmsmasters-widget-meta-data-item\"><span data-taxonomy=\"category\" class=\"cmsmasters-postmeta\" data-name=\"taxonomy\"><span class=\"cmsmasters-postmeta__inner\"><span class=\"cmsmasters-postmeta__content\"><span class=\"term-wrap\"><a class=\"term\" rel=\"category tag\" href=\"https:\/\/iglesiadelourdes.com\/index.php\/category\/evangeliodiario\/\"><span>Evangelio Diario<\/span><\/a><\/span><\/span><\/span><\/span><\/div><\/div><\/div><h3 class=\"cmsmasters-blog__post-title\"><a href=\"https:\/\/iglesiadelourdes.com\/index.php\/2026\/04\/14\/9-de-abril-del-2026\/\">9 de abril del 2026<\/a><\/h3><div class=\"cmsmasters-blog__post-excerpt\">Primera lectura Lectura del libro de los Hechos de los ap\u00f3stoles 3, 11-26 &nbsp; En aquellos d\u00edas, mientras el paral\u00edtico curado segu\u00eda a\u00fan con Pedro...<\/div><div class=\"cmsmasters-blog__post_footer\"><div class=\"cmsmasters-widget-meta-data\" data-name=\"meta_data_bottom\"><div class=\"cmsmasters-widget-meta-data-inner\"><div class=\"cmsmasters-widget-meta-data-item\"><span class=\"author-prefix\">By <\/span><span class=\"cmsmasters-postmeta\" data-name=\"author\"><span class=\"cmsmasters-postmeta__inner\"><span class=\"cmsmasters-postmeta__content\"><a rel=\"author\" href=\"https:\/\/iglesiadelourdes.com\/index.php\/author\/jrmiranda\/\"><span>JRMiranda<\/span><\/a><\/span><\/span><\/span><span class=\"item-sep\"><\/span><\/div><div class=\"cmsmasters-widget-meta-data-item\"><span class=\"cmsmasters-postmeta\" data-name=\"date\"><span class=\"cmsmasters-postmeta__inner\"><span class=\"cmsmasters-postmeta__content\"><span>abril 14, 2026<\/span><\/span><\/span><\/span><span class=\"item-sep\"><\/span><\/div><div class=\"cmsmasters-widget-meta-data-item\"><a title=\"Like\" data-id=\"41986\" href=\"#\" data-type=\"like\" class=\"cmsmasters-postmeta\" data-name=\"count\"><span class=\"cmsmasters-postmeta__inner\"><span class=\"cmsmasters-wrap-icon\"><i aria-hidden=\"true\" class=\"far fa-heart\"><\/i><\/span><span class=\"cmsmasters-postmeta__content\">0<\/span><\/span><\/a><\/div><\/div><\/div><\/div><\/div><\/article><\/div><\/div><\/div><div class=\"swiper-buttons-wrap\"><div class=\"swiper-buttons-wrap-inner\"><div class=\"swiper-button swiper-button-prev\"><div class=\"swiper-button-inner\"><span class=\"cmsmasters-wrap-icon\"><svg aria-hidden=\"true\" aria-label=\"Prev Arrow\" class=\"e-font-icon-svg e-fas-chevron-left\" viewBox=\"0 0 320 512\" xmlns=\"http:\/\/www.w3.org\/2000\/svg\"><path d=\"M34.52 239.03L228.87 44.69c9.37-9.37 24.57-9.37 33.94 0l22.67 22.67c9.36 9.36 9.37 24.52.04 33.9L131.49 256l154.02 154.75c9.34 9.38 9.32 24.54-.04 33.9l-22.67 22.67c-9.37 9.37-24.57 9.37-33.94 0L34.52 272.97c-9.37-9.37-9.37-24.57 0-33.94z\"><\/path><\/svg><\/span><\/div><\/div><div class=\"swiper-button swiper-button-next\"><div class=\"swiper-button-inner\"><span class=\"cmsmasters-wrap-icon\"><svg aria-hidden=\"true\" aria-label=\"Next Arrow\" class=\"e-font-icon-svg e-fas-chevron-right\" viewBox=\"0 0 320 512\" xmlns=\"http:\/\/www.w3.org\/2000\/svg\"><path d=\"M285.476 272.971L91.132 467.314c-9.373 9.373-24.569 9.373-33.941 0l-22.667-22.667c-9.357-9.357-9.375-24.522-.04-33.901L188.505 256 34.484 101.255c-9.335-9.379-9.317-24.544.04-33.901l22.667-22.667c9.373-9.373 24.569-9.373 33.941 0L285.475 239.03c9.373 9.372 9.373 24.568.001 33.941z\"><\/path><\/svg><\/span><\/div><\/div><\/div><\/div><\/div><\/div><\/div><\/div><\/div>\t\t\t\t<\/div>\n\t\t\t\t<\/div>\n\t\t\t\t<\/div>\n\t\t\t\t\t<\/div>\n\t\t\t\t<\/div>\n\t\t\t\t<\/div>\n\t\t","protected":false},"excerpt":{"rendered":"<p>CATEQUESIS tipos de catequesis La catequesis hoy en d\u00eda no puede limitarse a ense\u00f1ar los contenidos de la fe de manera te\u00f3rica. \u00abPero la semilla sembrada en buena tierra representa&#8230;<\/p>\n","protected":false},"author":1,"featured_media":0,"parent":0,"menu_order":0,"comment_status":"closed","ping_status":"closed","template":"","meta":{"_acf_changed":false,"give_campaign_id":0,"footnotes":""},"class_list":["post-41034","page","type-page","status-publish","hentry"],"acf":[],"campaignId":"","_links":{"self":[{"href":"https:\/\/iglesiadelourdes.com\/index.php\/wp-json\/wp\/v2\/pages\/41034","targetHints":{"allow":["GET"]}}],"collection":[{"href":"https:\/\/iglesiadelourdes.com\/index.php\/wp-json\/wp\/v2\/pages"}],"about":[{"href":"https:\/\/iglesiadelourdes.com\/index.php\/wp-json\/wp\/v2\/types\/page"}],"author":[{"embeddable":true,"href":"https:\/\/iglesiadelourdes.com\/index.php\/wp-json\/wp\/v2\/users\/1"}],"replies":[{"embeddable":true,"href":"https:\/\/iglesiadelourdes.com\/index.php\/wp-json\/wp\/v2\/comments?post=41034"}],"version-history":[{"count":27,"href":"https:\/\/iglesiadelourdes.com\/index.php\/wp-json\/wp\/v2\/pages\/41034\/revisions"}],"predecessor-version":[{"id":41342,"href":"https:\/\/iglesiadelourdes.com\/index.php\/wp-json\/wp\/v2\/pages\/41034\/revisions\/41342"}],"wp:attachment":[{"href":"https:\/\/iglesiadelourdes.com\/index.php\/wp-json\/wp\/v2\/media?parent=41034"}],"curies":[{"name":"wp","href":"https:\/\/api.w.org\/{rel}","templated":true}]}}